{"id":2380,"date":"2011-02-22T00:00:00","date_gmt":"2011-02-21T23:00:00","guid":{"rendered":"https:\/\/www.tibicon.net\/en\/scritti-da-me\/il-marchio-e-di-destra-o-di-sinistra-seconda-edizione-2011\/"},"modified":"2019-09-24T06:59:13","modified_gmt":"2019-09-24T04:59:13","slug":"il-marchio-e-di-destra-o-di-sinistra-seconda-edizione-2011","status":"publish","type":"page","link":"https:\/\/www.tibicon.net\/en\/il-marchio-e-di-destra-o-di-sinistra-seconda-edizione-2011\/","title":{"rendered":"Il marchio \u00e8 di destra o di sinistra? Seconda edizione - 2011"},"content":{"rendered":"<p><strong><a href=\"https:\/\/www.tibicon.net\/en\/wp-content\/uploads\/sites\/2\/2018\/07\/Marchio-dx-sx-11-200.jpg\"><img loading=\"lazy\" decoding=\"async\" class=\"alignleft size-full wp-image-2174\" title=\"Marchio dx sx 11 200\" src=\"https:\/\/www.tibicon.net\/en\/wp-content\/uploads\/sites\/2\/2018\/07\/Marchio-dx-sx-11-200.jpg\" alt=\"\" width=\"200\" height=\"282\" \/><\/a>Il ruolo della propriet\u00e0 intellettuale nella strategia dei partiti italiani<\/strong><\/p>\n<p><a href=\"https:\/\/www.tibicon.net\/en\/about-tibicon\/curriculum-vitae\/\">Arduino Mancini<\/a><strong> \u2013 <em>tibicon <\/em>\u2013 marzo 2011 \u2013 72 pagg<\/strong><\/p>\n<p><strong>Consulenza legale dell&#8217;avv. <\/strong><a href=\"https:\/\/www.tibicon.net\/en\/network\/claudia-scapicchio\" target=\"_blank\" rel=\"noopener noreferrer\">Claudia Scapicchio<\/a><strong> dello <\/strong><a href=\"http:\/\/www.jacobacci-law.com\/\" target=\"_blank\" rel=\"noopener noreferrer\">Studio Legale Jacobacci,<\/a><a href=\"http:\/\/www.jacobacci-law.com\/\" target=\"_blank\" rel=\"noopener noreferrer\"> Sterpi, Francetti, Regoli, de Haas<\/a><a href=\"http:\/\/www.jacobacci-law.com\/\" target=\"_blank\" rel=\"noopener noreferrer\">&amp; Associati<\/a><strong>, con il contributo dell&#8217;avv. Nicola Infante dello Studio Legale Allen &amp; Overy<\/strong><\/p>\n<p><em>Il marchio \u00e8 di destra e di sinistra?<\/em> \u00e8 uno studio indipendente che ha lo scopo di aiutare il pubblico e i mezzi di informazione a identificare quale sia il comportamento tendenziale dei partiti politici italiani in relazione alla tutela del proprio nome\/simbolo come marchio e a comprendere in quale misura questa tutela possa influenzare la loro strategia, cercando cos\u00ec di aiutare il lettore a farsi un\u2019idea propria circa le azioni che potrebbero essere intraprese dai partiti.<\/p>\n<p>Ci auguriamo anche che i partiti politici possano trovare indicazioni tecniche utili a colmare le lacune nella tutela del simbolo come marchio che, come vedremo nel prosieguo dello studio, sono evidenti.<\/p>\n<p>Le principali domande alle quali abbiamo cercato di trovare risposta sono le seguenti:<\/p>\n<ul>\n<li>\u00e8 possibile che l\u2019utilizzo strategico della propriet\u00e0 intellettuale, e dunque della tutela del nome\/simbolo come marchio, decisivo per l\u2019affermazione dell\u2019identit\u00e0 e la creazione di valore nel mondo delle imprese, assuma un ruolo fondamentale anche in ambito politico?<\/li>\n<li>possiamo affermare che le regole che governano il posizionamento strategico e la tutela del marchio in organizzazioni che hanno il profitto come obiettivo abbiano lo stesso valore anche in politica?<\/li>\n<li>quale comportamento pu\u00f2 tenere un partito politico al fine di tutelare la propria identit\u00e0, riducendo il rischio di contenzioso legato alla titolarit\u00e0 del nome\/simbolo?<\/li>\n<\/ul>\n<p>La consulenza legale \u00e8 dell\u2019avv. Claudia Scapicchio, partner dello Studio Legale Jacobacci Sterpi Francetti Regoli De Haas &amp; Associati, specializzato nella consulenza legale nell\u2019ambito della propriet\u00e0 intellettuale, tra le realt\u00e0 principali in Italia.<\/p>\n<p>Un ringraziamento particolare all\u2019avv. Nicola Infante, dello Studio Legale Allen &amp; Overy, la cui profonda conoscenza della politica italiana hanno dato un significativo contributo alla realizzazione di questo studio.<\/p>\n<p>Di seguito riportiamo:<\/p>\n<ul>\n<li>l\u2019indice dello studio<\/li>\n<li>una sintesi dei risultati.<\/li>\n<\/ul>\n<p><a href=\"https:\/\/www.tibicon.net\/wp-content\/uploads\/2018\/07\/MarchioDestraSinistra72-25marzo.pdf\" target=\"_blank\" rel=\"noopener noreferrer\">Scarica il pdf.<\/a><\/p>\n<p><strong>Indice dello studio<br \/>\n<\/strong><\/p>\n<p>Finalit\u00e0 e contenuti<\/p>\n<p>Autore e Consulenti<\/p>\n<ol>\n<li>Il quadro legislativo relativo alla tutela del nome\/simbolo di partito come marchio<\/li>\n<li>La gestione del nome a dominio in relazione al segno distintivo<\/li>\n<li>Strategia di registrazione di simboli e nomi a dominio<\/li>\n<li>Da dove siamo partiti: la gestione di simboli e nomi a dominio nel 2008<\/li>\n<li>I partiti politici e la tutela del nome\/simbolo: contenuti e limiti dell\u2019analisi<\/li>\n<li>Centro Destra\n<ol>\n<li>Registrazione del simbolo \u201cIl Popolo della Libert\u00e0\u201d<\/li>\n<li>Il PdL e i nomi a dominio<\/li>\n<li>La contesa del simbolo \u201cIl Popolo della Libert\u00e0\u201d<\/li>\n<li>Lega Nord<\/li>\n<li>Democrazia Cristiana<\/li>\n<li>Nuovo MSI<\/li>\n<\/ol>\n<\/li>\n<li>Centro Sinistra\n<ol>\n<li>Registrazione del nome\/simbolo \u201cPartito Democratico\u201d come marchio<\/li>\n<li>Il PD e il marchio YOUDEM, la TV di partito<\/li>\n<li>Il PD e l\u2019uso dei nomi a dominio<\/li>\n<li>Considerazioni sulla tutela del simbolo da parte del PD<\/li>\n<li>Italia dei Valori<\/li>\n<\/ol>\n<\/li>\n<li>Sinistra Radicale\n<ol>\n<li>Sinistra Ecologia Libert\u00e0<\/li>\n<li>I marchi che si richiamano a falce e martello<\/li>\n<li>I marchi che si richiamano al Partito Comunista<\/li>\n<\/ol>\n<\/li>\n<li>Terzo Polo\n<ol>\n<li>Futuro e Libert\u00e0 per l\u2019Italia<\/li>\n<li>Simboli e nomi a dominio nella strategia di aggregazione del FLI<\/li>\n<li>Unione di Centro<\/li>\n<li>Alleanza per l\u2019Italia<\/li>\n<\/ol>\n<\/li>\n<li>Registrazione del simbolo \u201cItalia Futura\u201d come marchio e relativi nomi a dominio<\/li>\n<li>Sintesi dei risultati\n<ol>\n<li>I partiti e la tutela dei nomi\/simboli come marchio<\/li>\n<li>Nome e posizionamento politico agli occhi degli elettori<\/li>\n<li>Il marchio \u00e8 di destra o di sinistra?<\/li>\n<\/ol>\n<\/li>\n<\/ol>\n<p>Allegati<\/p>\n<p>A. Articoli 5-10 del Codice Civile<\/p>\n<p>B. Articoli 7-22 del Codice di Propriet\u00e0 Industriale<\/p>\n<p>C. Classificazione di Nizza per l\u2019ambito di utilizzo dei marchi<\/p>\n<p>D. Articoli 14-16 della Legge Elettorale<\/p>\n<p>E. Estratto atto costitutivo de \u201cIl Popolo della Libert\u00e0\u201d<\/p>\n<p>F. Sentenza Consiglio di Stato del 17 settembre 2010 su scudo crociato<\/p>\n<p>G. Ing. Arduino Mancini \u2013 <em><strong>tibicon<\/strong><\/em><\/p>\n<p>H. Avv. Claudia Scapicchio \u2013 Studio Legale Jacobacci Sterpi Francetti Regoli de Haas &amp; Associati<\/p>\n<p>I. Avv. Nicola Infante \u2013 Allen &amp; Overy<\/p>\n<p><strong>La sintesi dei risultati<\/strong><\/p>\n<p><strong>Aspetti generali<\/strong><\/p>\n<ul>\n<li>Analizzati 22 simboli di partito, 7 dei quali sono risultati tutelati come marchio.<\/li>\n<li>Per il Centro Destra abbiamo verificato la tutela come marchio del nome\/simbolo di PdL, Lega Nord, DC (di Giuseppe Pizza), Nuovo PSI, La Destra, Nuovo MSI: i nomi\/simboli di PdL e La Destra sono risultati tutelati anche come marchio.<\/li>\n<li>Per il Centro Sinistra abbiamo verificato la tutela come marchio del nome\/simbolo di PD, Italia dei Valori, Partito Radicale, Verdi, Partito Socialista: i nomi\/simboli di PD e Partito Socialista sono risultati tutelati anche come marchio. Il marchio IDV \u00e8 scaduto e al momento non rinnovato.<\/li>\n<li>Per lo schieramento della Sinistra Radicale abbiamo verificato la tutela come marchio del nome\/simbolo di Comunisti Italiani, Rifondazione Comunista, Sinistra Ecologia Libert\u00e0, Sinistra Democratica, Sinistra Critica, Partito Comunista dei Lavoratori: nessuno dei nomi\/simboli \u00e8 risultato tutelato anche come marchio.<\/li>\n<li>Per il Terzo Polo abbiamo verificato la tutela come marchio del nome\/simbolo di MPA, UDC, API, La Rosa Bianca, FLI: i nomi\/simboli di MPA, UDC e API sono risultati tutelati anche come marchio. Il nome FLI \u00e8 registrato come marchio ma suscettibile, ad avviso di chi scrive, di contestazione.<\/li>\n<\/ul>\n<p><strong>Le principali situazioni di conflitto esistenti e potenziali<\/strong><\/p>\n<ul>\n<li>Cresciuta, rispetto al 2008, la conflittualit\u00e0 fra partiti legata al diritto all\u2019uso di nomi\/simboli.<\/li>\n<li>La contesa del PdL con il FLI circa la possibilit\u00e0, da parte del primo, di continuare a usare il simbolo dopo l\u2019uscita di Gianfranco Fini per formare il nuovo partito sembra collocare il PdL in posizione di vantaggio poich\u00e9 dovrebbe essere, secondo i documenti ufficiali, in condizione di continuare a utilizzare nome e simbolo attuali almeno fintanto che il PdL non sia sciolto.<\/li>\n<li>Il giudizio aperto fra Silvio Berlusconi e Michelangelo Madonna per il diritto all\u2019uso del nome\/simbolo di cui sopra vede il primo in posizione di vantaggio.<\/li>\n<li>Esiste un potenziale contenzioso fra FLI e l\u2019associazione Futuro e Libert\u00e0 (che appare vicina al PdL) per l\u2019uso del marchio. Le evidenze sembrano attribuire a Giuseppe Gabriele Buffardeci il diritto a utilizzare il marchio perch\u00e9 titolare di un nome a dominio attivo, registrato prima di tutti gli altri segni di cui sopra.<\/li>\n<li>SEL ha cambiato nel 2011 il dominio del sito web da <em>sinistraeliberta.eu<\/em> a <em>sinistraecologialiberta.it<\/em>. Questo perch\u00e9 il dominio <em>sinistraeliberta.it<\/em> \u00e8 stato registrato dal Partito Socialista prima di tutti gli altri segni identici o simili<\/li>\n<li>Vivo il contenzioso per l\u2019uso esclusivo del simbolo scudo crociato, dopo che nel 2010 il Consiglio di Stato e la Corte di Cassazione hanno sancito il diritto sia dell&#8217;UDC sia della DC a continuare a usare il simbolo.<\/li>\n<li>La novit\u00e0 della domanda di deposito del marchio denominativo \u201cpartito comunista italiano\u201d non esclude future rivendicazioni di esclusivit\u00e0 di utilizzo del nome, almeno come marchio.<\/li>\n<\/ul>\n<p><strong>Il marchio \u00e8 di destra o di sinistra? Ovvero come i partiti gestiscono la propriet\u00e0 intellettuale<\/strong><\/p>\n<ul>\n<li>Il richiamo all\u2019identit\u00e0 dei partiti della \u201cPrima Repubblica\u201d appare pi\u00f9 debole rispetto al 2008 e la capacit\u00e0 di attrarre voti ridotta.<\/li>\n<li>I partiti sembrano aver compreso il ruolo che la propriet\u00e0 intellettuale pu\u00f2 giocare nello scenario competitivo. Tuttavia, come testimonia l\u2019elevato numero di contenziosi, essi non sembrano seguire una precisa direzione: la strategia da noi proposta nel paragrafo 3 rimane sostanzialmente disattesa dalla quasi totalit\u00e0 dei partiti.<\/li>\n<li>La registrazione come marchio del nome\/simbolo \u00e8 quasi sempre a nome di persone fisiche appartenenti al partito: situazione che pu\u00f2 rafforzare la posizione del titolare del marchio nel partito, ma che indebolisce nel complesso quella del partito in un ipotetico contenzioso. In sostanza, l\u2019interesse individuale sembra prevalere su quello della formazione politica.<\/li>\n<li>Il centro destra compie rispetto al 2008, nel complesso, un passo indietro nella gestione dei simboli (solo due marchi depositati\/registrati su sei), mentre migliora la gestione del centro sinistra (tre marchi su cinque): il PD rimane, tuttavia, poco incline a difendere il nome del partito da utilizzi di terzi non autorizzati.<\/li>\n<li>Disinteresse per la tutela del nome\/simbolo da parte dei partiti della sinistra radicale.<\/li>\n<li>Da migliorare la tutela del nome\/simbolo da parte dei partiti del neo nato terzo polo (tre marchi depositati\/registrati su cinque simboli), specie alla luce di quanto detto in relazione ai conflitti potenziali: ricordiamo che il nome FLI \u00e8 registrato come marchio ma suscettibile di contestazione.<\/li>\n<li>In sostanza, in un ipotetico voto potremmo tranquillamente annoverare il marchio fra gli indecisi.<\/li>\n<\/ul>\n<p><strong>Alcune riflessioni sul marketing politico<\/strong><\/p>\n<ul>\n<li>La sempre minore importanza delle ideologie e l\u2019assottigliarsi delle differenze programmatiche accentua l\u2019esigenza dei partiti di caratterizzarsi come prodotti connotati da \u201cbenefici\u201d specifici: di qui la necessit\u00e0 di un \u201cposizionamento\u201d chiaro e percepito, che i partiti cercano attraverso il richiamo a nomi capaci di generare emozione e coinvolgimento.<\/li>\n<li>Nei fatti la comunicazione politica si sta spostando dal convincere l\u2019elettore ad aderire a un partito in virt\u00f9 di una ideologia guida, al dare invece fiducia a un candidato politico perch\u00e9 capace di rappresentare specifici interessi in cambio del potere personale.<\/li>\n<li>Appare allora evidente come il nome\/simbolo di partito, e la sua tutela come marchio, rappresenti una variabile chiave per catturare l\u2019interesse dell\u2019elettore.<\/li>\n<\/ul>\n<p><strong>Efficacia del nome di partito ai fini dell&#8217;identificazione agli occhi dell&#8217;elettore<\/strong><\/p>\n<ul>\n<li>Gli acronimi dei due principali partiti italiani sono confondibili (PD e PDL).<\/li>\n<li>Lo stesso dicasi per FLI e per il non dimenticato FI, che differiscono anche loro per una sola L.<\/li>\n<li>Le parole Italia, Libert\u00e0, Alleanza ricorrono rispettivamente 4, 3, e 2 volte nei nomi di 8 tra le principali formazioni politiche italiane degli ultimi 15 anni.<\/li>\n<li>L\u2019unico, fra i partiti che abbiamo considerato, a non avere nessuna delle tre parole maggiormente ricorrenti nel nome \u00e8 il Partito Democratico: che risulta essere, paradossalmente, il pi\u00f9 originale.<\/li>\n<li>La possibilit\u00e0 di confondere un partito con l\u2019altro, da parte dell\u2019elettore poco avvezzo alla politica, \u00e8 piuttosto elevata.<\/li>\n<\/ul>\n<p><strong>Punti di attenzione<\/strong><\/p>\n<ul>\n<li>Secondo quanto dichiarato dal leader di partito, il PdL cambier\u00e0 nome: conterr\u00e0 la parola Italia, come da pi\u00f9 parti si ipotizza? Ci permettiamo di dubitarne, vista la diffusione della parola Italia negli altri nomi di partito.<\/li>\n<li>Il simbolo Italia dei Valori, depositato come marchio nel 2000 da Antonio Di Pietro, ad oggi non risulta rinnovato come marchio depositato e la tutela del nome di partito \u00e8 affidata al nome a dominio principale <em>italiadeivalori.it <\/em>(riservato da Susanna Mazzoleni, consorte di Antonio Di Pietro).<\/li>\n<li>Il FLI ha depositato il marchio IL VERO CENTRODESTRA, che potrebbe impiegare in un\u2019ottica di contrapposizione allo schieramento capeggiato dal PdL, con conseguente tentativo di appiattire quest\u2019ultimo su posizioni tali da generare perdita di interesse da parte dell\u2019elettorato moderato.<\/li>\n<li>\u00c8 stata depositata la domanda di registrazione del marchio denominativo \u201cIl Polo della Nazione\u201d. Il deposito \u00e8 stato operato da Italo Bocchino (FLI) e Lorenzo Cesa (UDC); ci\u00f2 autorizza a ipotizzare che \u201cIl Polo della Nazione\u201d possa diventare il nome del terzo polo: sar\u00e0 interessante notare se il nuovo simbolo conterr\u00e0 o no lo scudo crociato.<\/li>\n<li>Francesco Schillaci, non Italia Futura di Luca Cordero di Montezemolo, sembrerebbe possedere il diritto all\u2019uso del nome Italia Futura anche come marchio: questo perch\u00e9 titolare fin dal 2006 del nome a dominio<em> italiafutura.org<\/em>, che rimanda al sito attivo dell\u2019associazione Italia Futura in Europa.<\/li>\n<li>La tutela del nome \u201cpartito comunista italiano\u201d come marchio pu\u00f2 celare l\u2019intento di raccogliere attorno a s\u00e9 i piccoli partiti della sinistra radicale, nel tentativo di privare SEL del patrimonio di voti relativo.<\/li>\n<\/ul>\n<p><a href=\"https:\/\/www.tibicon.net\/wp-content\/uploads\/2018\/07\/MarchioDestraSinistra72-25marzo.pdf\" target=\"_blank\" rel=\"noopener noreferrer\">Scarica il pdf.<\/a><\/p>\n","protected":false},"excerpt":{"rendered":"<p>Il ruolo della propriet\u00e0 intellettuale nella strategia dei partiti italiani Arduino Mancini \u2013 tibicon \u2013 marzo 2011 \u2013 72 pagg Consulenza legale dell&#8217;avv. Claudia Scapicchio dello Studio Legale Jacobacci, Sterpi, Francetti, Regoli, de Haas&amp; Associati, con il contributo dell&#8217;avv. Nicola Infante dello Studio Legale Allen &amp; Overy Il marchio \u00e8 di destra e di sinistra? [&hellip;]<\/p>\n","protected":false},"author":2,"featured_media":0,"parent":0,"menu_order":0,"comment_status":"open","ping_status":"open","template":"","meta":{"_acf_changed":false,"_bbp_topic_count":0,"_bbp_reply_count":0,"_bbp_total_topic_count":0,"_bbp_total_reply_count":0,"_bbp_voice_count":0,"_bbp_anonymous_reply_count":0,"_bbp_topic_count_hidden":0,"_bbp_reply_count_hidden":0,"_bbp_forum_subforum_count":0,"footnotes":""},"class_list":["post-2380","page","type-page","status-publish","hentry"],"acf":[],"yoast_head":"<!-- This site is optimized with the Yoast SEO plugin v26.8 - https:\/\/yoast.com\/product\/yoast-seo-wordpress\/ -->\n<title>Il marchio \u00e8 di destra o di sinistra? Seconda edizione - 2011 - tibicon - business coaching<\/title>\n<meta name=\"robots\" content=\"index, follow, max-snippet:-1, max-image-preview:large, max-video-preview:-1\" \/>\n<link rel=\"canonical\" href=\"https:\/\/www.tibicon.net\/en\/il-marchio-e-di-destra-o-di-sinistra-seconda-edizione-2011\/\" \/>\n<meta property=\"og:locale\" content=\"en_US\" \/>\n<meta property=\"og:type\" content=\"article\" \/>\n<meta property=\"og:title\" content=\"Il marchio \u00e8 di destra o di sinistra? Seconda edizione - 2011 - tibicon - business coaching\" \/>\n<meta property=\"og:description\" content=\"Il ruolo della propriet\u00e0 intellettuale nella strategia dei partiti italiani Arduino Mancini \u2013 tibicon \u2013 marzo 2011 \u2013 72 pagg Consulenza legale dell&#8217;avv. Claudia Scapicchio dello Studio Legale Jacobacci, Sterpi, Francetti, Regoli, de Haas&amp; Associati, con il contributo dell&#8217;avv. Nicola Infante dello Studio Legale Allen &amp; Overy Il marchio \u00e8 di destra e di sinistra? [&hellip;]\" \/>\n<meta property=\"og:url\" content=\"https:\/\/www.tibicon.net\/en\/il-marchio-e-di-destra-o-di-sinistra-seconda-edizione-2011\/\" \/>\n<meta property=\"og:site_name\" content=\"tibicon - business coaching\" \/>\n<meta property=\"article:publisher\" content=\"https:\/\/www.facebook.com\/tibicon\/\" \/>\n<meta property=\"article:modified_time\" content=\"2019-09-24T04:59:13+00:00\" \/>\n<meta property=\"og:image\" content=\"https:\/\/www.tibicon.net\/en\/wp-content\/uploads\/sites\/2\/2018\/07\/Marchio-dx-sx-11-200.jpg\" \/>\n<meta name=\"twitter:card\" content=\"summary_large_image\" \/>\n<meta name=\"twitter:site\" content=\"@arduinom\" \/>\n<meta name=\"twitter:label1\" content=\"Est. reading time\" \/>\n\t<meta name=\"twitter:data1\" content=\"9 minutes\" \/>\n<script type=\"application\/ld+json\" class=\"yoast-schema-graph\">{\"@context\":\"https:\/\/schema.org\",\"@graph\":[{\"@type\":\"WebPage\",\"@id\":\"https:\/\/www.tibicon.net\/en\/il-marchio-e-di-destra-o-di-sinistra-seconda-edizione-2011\/\",\"url\":\"https:\/\/www.tibicon.net\/en\/il-marchio-e-di-destra-o-di-sinistra-seconda-edizione-2011\/\",\"name\":\"Il marchio \u00e8 di destra o di sinistra? Seconda edizione - 2011 - tibicon - business coaching\",\"isPartOf\":{\"@id\":\"https:\/\/www.tibicon.net\/en\/#website\"},\"primaryImageOfPage\":{\"@id\":\"https:\/\/www.tibicon.net\/en\/il-marchio-e-di-destra-o-di-sinistra-seconda-edizione-2011\/#primaryimage\"},\"image\":{\"@id\":\"https:\/\/www.tibicon.net\/en\/il-marchio-e-di-destra-o-di-sinistra-seconda-edizione-2011\/#primaryimage\"},\"thumbnailUrl\":\"https:\/\/www.tibicon.net\/en\/wp-content\/uploads\/sites\/2\/2018\/07\/Marchio-dx-sx-11-200.jpg\",\"datePublished\":\"2011-02-21T23:00:00+00:00\",\"dateModified\":\"2019-09-24T04:59:13+00:00\",\"breadcrumb\":{\"@id\":\"https:\/\/www.tibicon.net\/en\/il-marchio-e-di-destra-o-di-sinistra-seconda-edizione-2011\/#breadcrumb\"},\"inLanguage\":\"en-US\",\"potentialAction\":[{\"@type\":\"ReadAction\",\"target\":[\"https:\/\/www.tibicon.net\/en\/il-marchio-e-di-destra-o-di-sinistra-seconda-edizione-2011\/\"]}]},{\"@type\":\"ImageObject\",\"inLanguage\":\"en-US\",\"@id\":\"https:\/\/www.tibicon.net\/en\/il-marchio-e-di-destra-o-di-sinistra-seconda-edizione-2011\/#primaryimage\",\"url\":\"https:\/\/www.tibicon.net\/en\/wp-content\/uploads\/sites\/2\/2018\/07\/Marchio-dx-sx-11-200.jpg\",\"contentUrl\":\"https:\/\/www.tibicon.net\/en\/wp-content\/uploads\/sites\/2\/2018\/07\/Marchio-dx-sx-11-200.jpg\"},{\"@type\":\"BreadcrumbList\",\"@id\":\"https:\/\/www.tibicon.net\/en\/il-marchio-e-di-destra-o-di-sinistra-seconda-edizione-2011\/#breadcrumb\",\"itemListElement\":[{\"@type\":\"ListItem\",\"position\":1,\"name\":\"Home\",\"item\":\"https:\/\/www.tibicon.net\/en\/\"},{\"@type\":\"ListItem\",\"position\":2,\"name\":\"Il marchio \u00e8 di destra o di sinistra? Seconda edizione - 2011\"}]},{\"@type\":\"WebSite\",\"@id\":\"https:\/\/www.tibicon.net\/en\/#website\",\"url\":\"https:\/\/www.tibicon.net\/en\/\",\"name\":\"tibicon - business coaching\",\"description\":\"\",\"potentialAction\":[{\"@type\":\"SearchAction\",\"target\":{\"@type\":\"EntryPoint\",\"urlTemplate\":\"https:\/\/www.tibicon.net\/en\/?s={search_term_string}\"},\"query-input\":{\"@type\":\"PropertyValueSpecification\",\"valueRequired\":true,\"valueName\":\"search_term_string\"}}],\"inLanguage\":\"en-US\"}]}<\/script>\n<!-- \/ Yoast SEO plugin. -->","yoast_head_json":{"title":"Il marchio \u00e8 di destra o di sinistra? Seconda edizione - 2011 - tibicon - business coaching","robots":{"index":"index","follow":"follow","max-snippet":"max-snippet:-1","max-image-preview":"max-image-preview:large","max-video-preview":"max-video-preview:-1"},"canonical":"https:\/\/www.tibicon.net\/en\/il-marchio-e-di-destra-o-di-sinistra-seconda-edizione-2011\/","og_locale":"en_US","og_type":"article","og_title":"Il marchio \u00e8 di destra o di sinistra? Seconda edizione - 2011 - tibicon - business coaching","og_description":"Il ruolo della propriet\u00e0 intellettuale nella strategia dei partiti italiani Arduino Mancini \u2013 tibicon \u2013 marzo 2011 \u2013 72 pagg Consulenza legale dell&#8217;avv. Claudia Scapicchio dello Studio Legale Jacobacci, Sterpi, Francetti, Regoli, de Haas&amp; Associati, con il contributo dell&#8217;avv. Nicola Infante dello Studio Legale Allen &amp; Overy Il marchio \u00e8 di destra e di sinistra? [&hellip;]","og_url":"https:\/\/www.tibicon.net\/en\/il-marchio-e-di-destra-o-di-sinistra-seconda-edizione-2011\/","og_site_name":"tibicon - business coaching","article_publisher":"https:\/\/www.facebook.com\/tibicon\/","article_modified_time":"2019-09-24T04:59:13+00:00","og_image":[{"url":"https:\/\/www.tibicon.net\/en\/wp-content\/uploads\/sites\/2\/2018\/07\/Marchio-dx-sx-11-200.jpg","type":"","width":"","height":""}],"twitter_card":"summary_large_image","twitter_site":"@arduinom","twitter_misc":{"Est. reading time":"9 minutes"},"schema":{"@context":"https:\/\/schema.org","@graph":[{"@type":"WebPage","@id":"https:\/\/www.tibicon.net\/en\/il-marchio-e-di-destra-o-di-sinistra-seconda-edizione-2011\/","url":"https:\/\/www.tibicon.net\/en\/il-marchio-e-di-destra-o-di-sinistra-seconda-edizione-2011\/","name":"Il marchio \u00e8 di destra o di sinistra? Seconda edizione - 2011 - tibicon - business coaching","isPartOf":{"@id":"https:\/\/www.tibicon.net\/en\/#website"},"primaryImageOfPage":{"@id":"https:\/\/www.tibicon.net\/en\/il-marchio-e-di-destra-o-di-sinistra-seconda-edizione-2011\/#primaryimage"},"image":{"@id":"https:\/\/www.tibicon.net\/en\/il-marchio-e-di-destra-o-di-sinistra-seconda-edizione-2011\/#primaryimage"},"thumbnailUrl":"https:\/\/www.tibicon.net\/en\/wp-content\/uploads\/sites\/2\/2018\/07\/Marchio-dx-sx-11-200.jpg","datePublished":"2011-02-21T23:00:00+00:00","dateModified":"2019-09-24T04:59:13+00:00","breadcrumb":{"@id":"https:\/\/www.tibicon.net\/en\/il-marchio-e-di-destra-o-di-sinistra-seconda-edizione-2011\/#breadcrumb"},"inLanguage":"en-US","potentialAction":[{"@type":"ReadAction","target":["https:\/\/www.tibicon.net\/en\/il-marchio-e-di-destra-o-di-sinistra-seconda-edizione-2011\/"]}]},{"@type":"ImageObject","inLanguage":"en-US","@id":"https:\/\/www.tibicon.net\/en\/il-marchio-e-di-destra-o-di-sinistra-seconda-edizione-2011\/#primaryimage","url":"https:\/\/www.tibicon.net\/en\/wp-content\/uploads\/sites\/2\/2018\/07\/Marchio-dx-sx-11-200.jpg","contentUrl":"https:\/\/www.tibicon.net\/en\/wp-content\/uploads\/sites\/2\/2018\/07\/Marchio-dx-sx-11-200.jpg"},{"@type":"BreadcrumbList","@id":"https:\/\/www.tibicon.net\/en\/il-marchio-e-di-destra-o-di-sinistra-seconda-edizione-2011\/#breadcrumb","itemListElement":[{"@type":"ListItem","position":1,"name":"Home","item":"https:\/\/www.tibicon.net\/en\/"},{"@type":"ListItem","position":2,"name":"Il marchio \u00e8 di destra o di sinistra? Seconda edizione - 2011"}]},{"@type":"WebSite","@id":"https:\/\/www.tibicon.net\/en\/#website","url":"https:\/\/www.tibicon.net\/en\/","name":"tibicon - business coaching","description":"","potentialAction":[{"@type":"SearchAction","target":{"@type":"EntryPoint","urlTemplate":"https:\/\/www.tibicon.net\/en\/?s={search_term_string}"},"query-input":{"@type":"PropertyValueSpecification","valueRequired":true,"valueName":"search_term_string"}}],"inLanguage":"en-US"}]}},"_links":{"self":[{"href":"https:\/\/www.tibicon.net\/en\/wp-json\/wp\/v2\/pages\/2380","targetHints":{"allow":["GET"]}}],"collection":[{"href":"https:\/\/www.tibicon.net\/en\/wp-json\/wp\/v2\/pages"}],"about":[{"href":"https:\/\/www.tibicon.net\/en\/wp-json\/wp\/v2\/types\/page"}],"author":[{"embeddable":true,"href":"https:\/\/www.tibicon.net\/en\/wp-json\/wp\/v2\/users\/2"}],"replies":[{"embeddable":true,"href":"https:\/\/www.tibicon.net\/en\/wp-json\/wp\/v2\/comments?post=2380"}],"version-history":[{"count":0,"href":"https:\/\/www.tibicon.net\/en\/wp-json\/wp\/v2\/pages\/2380\/revisions"}],"wp:attachment":[{"href":"https:\/\/www.tibicon.net\/en\/wp-json\/wp\/v2\/media?parent=2380"}],"curies":[{"name":"wp","href":"https:\/\/api.w.org\/{rel}","templated":true}]}}